{"id":4089,"date":"2025-09-30T13:01:05","date_gmt":"2025-09-30T11:01:05","guid":{"rendered":"https:\/\/xaneladaterra.es\/?page_id=4089"},"modified":"2025-09-30T13:01:34","modified_gmt":"2025-09-30T11:01:34","slug":"proteccion-de-datos","status":"publish","type":"page","link":"https:\/\/xaneladaterra.es\/es\/proteccion-de-datos\/","title":{"rendered":"Protecci\u00f3n de datos"},"content":{"rendered":"<p>El presente documento establece la pol\u00edtica de privacidad de xaneladaterra.es<\/p>\n<p>La redacci\u00f3n de la misma se ha hecho siguiendo los principios de la actual normativa sobre protecci\u00f3n de datos (Ley Org\u00e1nica 3\/2018, de 5 de diciembre, de Protecci\u00f3n de Datos Personales y garant\u00eda de los derechos digitales)<\/p>\n<p>En esta pol\u00edtica encontrar\u00e1s la informaci\u00f3n relativa al uso que se hace de los datos personales de los usuarios. Los datos facilitados ser\u00e1n siempre tratados de forma leal y l\u00edcita; \u00fanicamente se tratar\u00e1n aquellos datos que se consideren adecuados, pertinentes y no excesivos en relaci\u00f3n con las finalidades determinadas, expl\u00edcitas y leg\u00edtimas para las que fueron obtenidos, y no se utilizar\u00e1n para finalidades distintas para las que han sido recogidos<\/p>\n<p>Dicha informaci\u00f3n estar\u00e1 a tu disposici\u00f3n, de manera permanente, a trav\u00e9s del enlace habilitado en la web bajo la denominaci\u00f3n de \u201cProtecci\u00f3n de datos\u201d.<\/p>\n<p>Esta puede actualizarse en cualquier momento por cambio en la normativa o bien por decisi\u00f3n de la empresa.<\/p>\n<p><strong>\u00bfQUI\u00c9N ES EL RESPONSABLE DEL TRATAMIENTO DE DATOS?<\/strong><\/p>\n<p>En xaneladaterra.es, el responsable del tratamiento de datos es:<\/p>\n<p>Responsable: <span data-teams=\"true\">Isolina Sonia Pi\u00f1eiro Vila<\/span>.<\/p>\n<p>NIF: <span data-teams=\"true\">78784346P<\/span><\/p>\n<p>Domicilio social: R\u00faa Faustino Rey Romero, n\u00fam 13, Rianxo, A Coru\u00f1a (15920).<\/p>\n<p>Correo electr\u00f3nico: <a href=\"mailto:tenda@xaneladaterra.es\">tenda@xaneladaterra.es<\/a><\/p>\n<p><strong>\u00bfQU\u00c9 INFORMACI\u00d3N SE RECOGE?<\/strong><\/p>\n<p>Para navegar por la p\u00e1gina web no es necesario aportar ning\u00fan dato personal.<\/p>\n<p>Sin embargo, para registrarse como usuario y\/o realizar compras, se solicitar\u00e1n los datos personales necesarios. En caso de no proporcionar dichos datos, no ser\u00e1 posible prestar el servicio.<\/p>\n<p>Xanela da terra, recoge la informaci\u00f3n personal de sus usuarios mediante formularios online. La informaci\u00f3n recogida ser\u00e1 la m\u00ednima indispensable para la correcta relaci\u00f3n comercial entre las partes.<\/p>\n<p>Los usuarios son los responsables de la veracidad de los datos proporcionados as\u00ed como de comunicar las variaciones que se produzcan en ellos.<\/p>\n<p>Los usuarios deben abstenerse de proporcionar datos de car\u00e1cter personal de otros interesados, salvo que dispongan de autorizaci\u00f3n.<\/p>\n<p>Xanela da terra, tambi\u00e9n podr\u00e1 recabar informaci\u00f3n no personal sobre c\u00f3mo acceden los usuarios a su p\u00e1gina web mediante el uso de cookies.<\/p>\n<p>Las cookies son ficheros que se almacenan en su ordenador para obtener informaci\u00f3n respecto al tr\u00e1fico web, facilitan las futuras visitas y brindan un servicio personalizado.<\/p>\n<p>Nuestro sitio web emplea diversos tipos de cookies Esta informaci\u00f3n es empleada \u00fanicamente para an\u00e1lisis estad\u00edstico y despu\u00e9s la informaci\u00f3n se elimina de forma permanente. Puedes eliminar las cookies en cualquier momento desde tu ordenador. Para m\u00e1s informaci\u00f3n, mira nuestro apartado denominado cookies.<\/p>\n<p>Xanela da terra, \u00fanicamente permite el registro como usuario y la compra de productos a personas mayores de 14 a\u00f1os.<\/p>\n<p><strong>\u00bfCON QU\u00c9 FINALIDAD ES RECOGIDA LA INFORMACI\u00d3N?<\/strong><\/p>\n<p>En Xanela da terra, tratamos tus datos personales para los siguientes fines:<\/p>\n<p>1. Gestionar pedidos. Para que el proceso de compra se realice correctamente (pagos, env\u00edos, facturaci\u00f3n&#8230;) es necesario que aportes datos de car\u00e1cter personal.<\/p>\n<p>2. Gestionar las cuentas de los usuarios. Para darte acceso a tu cuenta es necesario que te identifiquemos.<\/p>\n<p>3. Comunicaci\u00f3n comercial. Xanela da terra utiliza los datos de contacto proporcionados por los usuarios para enviar informaci\u00f3n sobre ofertas y promociones. La comunicaci\u00f3n comercial se realiza tras la aceptaci\u00f3n de la misma por parte del usuario y este siempre tiene la opci\u00f3n de cancelarla.<\/p>\n<p>4. Resoluci\u00f3n de sugerencias, quejas o comentarios: los datos recabados se utilizan para atender las comunicaciones recibidas y proporcionarles la correspondiente respuesta.<\/p>\n<p>5. Otras finalidades. La informaci\u00f3n se utilizar\u00e1 para la finalidad descrita en el propio formulario web.<\/p>\n<p><strong>\u00bfDURANTE CU\u00c1NTO TIEMPO SE CONSERVAR\u00c1N LOS DATOS?<\/strong><\/p>\n<p>Los datos solicitados para el registro de usuario se conservar\u00e1n hasta que el usuario solicite darse de baja en el servicio, en cuyo caso, se proceder\u00e1 a su bloqueo inmediato.<\/p>\n<p>Los datos solicitados para la ejecuci\u00f3n de una compra, ser\u00e1n conservados el tiempo necesario para la correcta prestaci\u00f3n del servicio as\u00ed como para atender las responsabilidades que se pudieran derivar del mismo y de cualquier otra exigencia legal.<\/p>\n<p>Los datos solicitados para tramitar quejas, sugerencias o reclamaciones, ser\u00e1n conservados hasta resolver las cuestiones planteadas.<\/p>\n<p>Los datos solicitados para el env\u00edo de comunicaciones comerciales, ser\u00e1n conservados hasta que el usuario nos indique que ya no quiere seguir recibiendo nuestras comunicaciones.<\/p>\n<p>En cualquier caso, Xanela da terra cancelar\u00e1 los datos registrados en cuanto hayan dejado de ser necesarios o pertinentes para la finalidad para la que se recabaron, pudiendo conservarlos \u2013debidamente bloqueados- durante el tiempo en que pueda exigirse alg\u00fan tipo de responsabilidad derivada de una relaci\u00f3n u obligaci\u00f3n jur\u00eddica o de la ejecuci\u00f3n de un contrato.<\/p>\n<p><strong>\u00bfCU\u00c1LES SON LAS BASES DE LEGITIMACI\u00d3N PARA REALIZAR EL TRATAMIENTO DE DATOS?<\/strong><\/p>\n<p>Las bases legales que nos legitiman para tratar datos personales son:<\/p>\n<p>El consentimiento expreso del interesado.<\/p>\n<p>El inter\u00e9s leg\u00edtimo de la tienda.<\/p>\n<p>La obligaci\u00f3n legal cuando exista.<\/p>\n<p><strong>\u00bfA QUE DESTINATARIOS SE COMUNICAR\u00c1N LOS DATOS?<\/strong><\/p>\n<p>Un Xanela da terra no cede datos a terceros, salvo disposici\u00f3n legal o si es necesario para la gesti\u00f3n del servicio solicitado (como por ejemplo cesi\u00f3n de datos de contacto a empresa de transporte para gestionar el env\u00edo de la compra). En tal caso, \u00fanicamente comunica aquellos datos imprescindibles.<\/p>\n<p>En este \u00faltimo supuesto, los prestadores de servicios estar\u00e1n vinculados por un contrato de prestaci\u00f3n de servicios en el que expresamente se recoger\u00e1n obligaciones de privacidad y protecci\u00f3n de datos.<\/p>\n<p><strong>\u00bfCU\u00c1LES SON TUS DERECHOS Y COMO PUEDES EJERCERLOS?<\/strong><\/p>\n<p>Tienes derecho a solicitar informaci\u00f3n a Xanela da terra sobre si se est\u00e1n tratando datos de car\u00e1cter personal sobre ti.<\/p>\n<p>En cualquier momento puedes revocar el consentimiento dado a Xanela da terra para tratar tus datos.<\/p>\n<p>Si has marcado la opci\u00f3n de recibir nuestra publicidad y quieres dejar de recibirla, puedes cancelarla en cualquier momento.<\/p>\n<p>Puedes ejercitar tus derechos ARCO (acceso, rectificaci\u00f3n, cancelaci\u00f3n y oposici\u00f3n) y revocar el consentimiento prestado para los tratamientos y\/o cesiones de datos (limitaci\u00f3n), en cualquier momento.<\/p>\n<p>Dichos derechos se definen de la siguiente manera:<\/p>\n<p>\u2022 Derecho de Acceso: Puedes solicitar informaci\u00f3n sobre que datos personales tenemos sobre ti.<\/p>\n<p>\u2022 Derecho de Rectificaci\u00f3n: Puedes corregir errores y modificar los datos que resulten ser inexactos o incompletos.<\/p>\n<p>\u2022 Derecho de Cancelaci\u00f3n: Puede solicitar que los datos sean suprimidos y dejen de tratarse, salvo que exista obligaci\u00f3n legal de conservarlos y\/o no existan otros motivos leg\u00edtimos para su tratamiento.<\/p>\n<p>\u2022 Derecho de Oposici\u00f3n: En determinadas circunstancias y por motivos relacionados con tu situaci\u00f3n particular, podr\u00e1s oponerse al tratamiento de tus datos.<\/p>\n<p>Xanela da terra, dejar\u00e1 de tratar los datos, salvo por motivos leg\u00edtimos imperiosos, o el ejercicio o la defensa de posibles reclamaciones.<\/p>\n<p>\u2022\u00a0 Derecho de Limitaci\u00f3n: Bajo las condiciones establecidas legalmente, puedes solicitar que el tratamiento de tus datos se paralice, de tal manera que se evite por nuestra parte su tratamiento en un futuro, que \u00fanicamente se conservar\u00e1n para el ejercicio o la defensa de reclamaciones.<\/p>\n<p>El ejercicio de los derechos mencionados, se har\u00e1 solicit\u00e1ndolo por correo postal dirigido a Xanela da terra, en la siguiente direcci\u00f3n: R\u00faa Faustino Rey Romero, n\u00fam 13, Rianxo, A Coru\u00f1a (15920), o bien, enviando un correo electr\u00f3nico a <a href=\"mailto:tenda@xaneladaterra.es\">tenda@xaneladaterra.es<\/a>. En todo caso, deber\u00e1 acompa\u00f1arse la solicitud de una copia del DNI o de cualquier otro documento oficial que acredite la identidad del titular de los datos.<\/p>\n<p>Si consideras que hay alg\u00fan problema en c\u00f3mo se est\u00e1n tratando tus datos personales puedes dirigir tus reclamaciones a la Agencia Espa\u00f1ola de Protecci\u00f3n de datos en www.aepd.es<\/p>","protected":false},"excerpt":{"rendered":"<p>El presente documento establece la pol\u00edtica de privacidad de xaneladaterra.es La redacci\u00f3n de la misma se ha hecho siguiendo los principios de la actual normativa sobre protecci\u00f3n de datos (Ley Org\u00e1nica 3\/2018, de 5 de diciembre, de Protecci\u00f3n de Datos Personales y garant\u00eda de los derechos digitales) En esta pol\u00edtica encontrar\u00e1s la informaci\u00f3n relativa al [&hellip;]<\/p>","protected":false},"author":1,"featured_media":0,"parent":0,"menu_order":0,"comment_status":"closed","ping_status":"closed","template":"","meta":{"_et_pb_use_builder":"","_et_pb_old_content":"","_et_gb_content_width":"","footnotes":""},"class_list":["post-4089","page","type-page","status-publish","hentry"],"yoast_head":"<!-- This site is optimized with the Yoast SEO plugin v26.1.1 - https:\/\/yoast.com\/wordpress\/plugins\/seo\/ -->\n<title>Protecci\u00f3n de datos - Xanela Da Terra<\/title>\n<meta name=\"robots\" content=\"index, follow, max-snippet:-1, max-image-preview:large, max-video-preview:-1\" \/>\n<link rel=\"canonical\" href=\"https:\/\/xaneladaterra.es\/es\/proteccion-de-datos\/\" \/>\n<meta property=\"og:locale\" content=\"es_ES\" \/>\n<meta property=\"og:type\" content=\"article\" \/>\n<meta property=\"og:title\" content=\"Protecci\u00f3n de datos - Xanela Da Terra\" \/>\n<meta property=\"og:description\" content=\"El presente documento establece la pol\u00edtica de privacidad de xaneladaterra.es La redacci\u00f3n de la misma se ha hecho siguiendo los principios de la actual normativa sobre protecci\u00f3n de datos (Ley Org\u00e1nica 3\/2018, de 5 de diciembre, de Protecci\u00f3n de Datos Personales y garant\u00eda de los derechos digitales) En esta pol\u00edtica encontrar\u00e1s la informaci\u00f3n relativa al [&hellip;]\" \/>\n<meta property=\"og:url\" content=\"https:\/\/xaneladaterra.es\/es\/proteccion-de-datos\/\" \/>\n<meta property=\"og:site_name\" content=\"Xanela Da Terra\" \/>\n<meta property=\"article:modified_time\" content=\"2025-09-30T11:01:34+00:00\" \/>\n<meta name=\"twitter:card\" content=\"summary_large_image\" \/>\n<meta name=\"twitter:label1\" content=\"Tiempo de lectura\" \/>\n\t<meta name=\"twitter:data1\" content=\"7 minutos\" \/>\n<script type=\"application\/ld+json\" class=\"yoast-schema-graph\">{\"@context\":\"https:\/\/schema.org\",\"@graph\":[{\"@type\":\"WebPage\",\"@id\":\"https:\/\/xaneladaterra.es\/es\/proteccion-de-datos\/\",\"url\":\"https:\/\/xaneladaterra.es\/es\/proteccion-de-datos\/\",\"name\":\"Protecci\u00f3n de datos - Xanela Da Terra\",\"isPartOf\":{\"@id\":\"https:\/\/xaneladaterra.es\/es\/#website\"},\"datePublished\":\"2025-09-30T11:01:05+00:00\",\"dateModified\":\"2025-09-30T11:01:34+00:00\",\"inLanguage\":\"es\",\"potentialAction\":[{\"@type\":\"ReadAction\",\"target\":[\"https:\/\/xaneladaterra.es\/es\/proteccion-de-datos\/\"]}]},{\"@type\":\"WebSite\",\"@id\":\"https:\/\/xaneladaterra.es\/es\/#website\",\"url\":\"https:\/\/xaneladaterra.es\/es\/\",\"name\":\"Xanela Da Terra\",\"description\":\"En nuestra tienda podr\u00e1s encontrar desde el pan del d\u00eda, fruta y verdura de temporada, vinos de la zona y alrededores y todo tipo de productos locales.\",\"publisher\":{\"@id\":\"https:\/\/xaneladaterra.es\/es\/#organization\"},\"potentialAction\":[{\"@type\":\"SearchAction\",\"target\":{\"@type\":\"EntryPoint\",\"urlTemplate\":\"https:\/\/xaneladaterra.es\/es\/?s={search_term_string}\"},\"query-input\":{\"@type\":\"PropertyValueSpecification\",\"valueRequired\":true,\"valueName\":\"search_term_string\"}}],\"inLanguage\":\"es\"},{\"@type\":\"Organization\",\"@id\":\"https:\/\/xaneladaterra.es\/es\/#organization\",\"name\":\"Xanela Da Terra\",\"url\":\"https:\/\/xaneladaterra.es\/es\/\",\"logo\":{\"@type\":\"ImageObject\",\"inLanguage\":\"es\",\"@id\":\"https:\/\/xaneladaterra.es\/es\/#\/schema\/logo\/image\/\",\"url\":\"https:\/\/xaneladaterra.es\/wp-content\/uploads\/2025\/09\/IMG-20240510-WA0039.jpg\",\"contentUrl\":\"https:\/\/xaneladaterra.es\/wp-content\/uploads\/2025\/09\/IMG-20240510-WA0039.jpg\",\"width\":246,\"height\":162,\"caption\":\"Xanela Da Terra\"},\"image\":{\"@id\":\"https:\/\/xaneladaterra.es\/es\/#\/schema\/logo\/image\/\"},\"sameAs\":[\"https:\/\/www.instagram.com\/xaneladaterraa\/\"]}]}<\/script>\n<!-- \/ Yoast SEO plugin. -->","yoast_head_json":{"title":"Protecci\u00f3n de datos - Xanela Da Terra","robots":{"index":"index","follow":"follow","max-snippet":"max-snippet:-1","max-image-preview":"max-image-preview:large","max-video-preview":"max-video-preview:-1"},"canonical":"https:\/\/xaneladaterra.es\/es\/proteccion-de-datos\/","og_locale":"es_ES","og_type":"article","og_title":"Protecci\u00f3n de datos - Xanela Da Terra","og_description":"El presente documento establece la pol\u00edtica de privacidad de xaneladaterra.es La redacci\u00f3n de la misma se ha hecho siguiendo los principios de la actual normativa sobre protecci\u00f3n de datos (Ley Org\u00e1nica 3\/2018, de 5 de diciembre, de Protecci\u00f3n de Datos Personales y garant\u00eda de los derechos digitales) En esta pol\u00edtica encontrar\u00e1s la informaci\u00f3n relativa al [&hellip;]","og_url":"https:\/\/xaneladaterra.es\/es\/proteccion-de-datos\/","og_site_name":"Xanela Da Terra","article_modified_time":"2025-09-30T11:01:34+00:00","twitter_card":"summary_large_image","twitter_misc":{"Tiempo de lectura":"7 minutos"},"schema":{"@context":"https:\/\/schema.org","@graph":[{"@type":"WebPage","@id":"https:\/\/xaneladaterra.es\/es\/proteccion-de-datos\/","url":"https:\/\/xaneladaterra.es\/es\/proteccion-de-datos\/","name":"Protecci\u00f3n de datos - Xanela Da Terra","isPartOf":{"@id":"https:\/\/xaneladaterra.es\/es\/#website"},"datePublished":"2025-09-30T11:01:05+00:00","dateModified":"2025-09-30T11:01:34+00:00","inLanguage":"es","potentialAction":[{"@type":"ReadAction","target":["https:\/\/xaneladaterra.es\/es\/proteccion-de-datos\/"]}]},{"@type":"WebSite","@id":"https:\/\/xaneladaterra.es\/es\/#website","url":"https:\/\/xaneladaterra.es\/es\/","name":"Xanela Da Terra","description":"En nuestra tienda podr\u00e1s encontrar desde el pan del d\u00eda, fruta y verdura de temporada, vinos de la zona y alrededores y todo tipo de productos locales.","publisher":{"@id":"https:\/\/xaneladaterra.es\/es\/#organization"},"potentialAction":[{"@type":"SearchAction","target":{"@type":"EntryPoint","urlTemplate":"https:\/\/xaneladaterra.es\/es\/?s={search_term_string}"},"query-input":{"@type":"PropertyValueSpecification","valueRequired":true,"valueName":"search_term_string"}}],"inLanguage":"es"},{"@type":"Organization","@id":"https:\/\/xaneladaterra.es\/es\/#organization","name":"Xanela Da Terra","url":"https:\/\/xaneladaterra.es\/es\/","logo":{"@type":"ImageObject","inLanguage":"es","@id":"https:\/\/xaneladaterra.es\/es\/#\/schema\/logo\/image\/","url":"https:\/\/xaneladaterra.es\/wp-content\/uploads\/2025\/09\/IMG-20240510-WA0039.jpg","contentUrl":"https:\/\/xaneladaterra.es\/wp-content\/uploads\/2025\/09\/IMG-20240510-WA0039.jpg","width":246,"height":162,"caption":"Xanela Da Terra"},"image":{"@id":"https:\/\/xaneladaterra.es\/es\/#\/schema\/logo\/image\/"},"sameAs":["https:\/\/www.instagram.com\/xaneladaterraa\/"]}]}},"_links":{"self":[{"href":"https:\/\/xaneladaterra.es\/es\/wp-json\/wp\/v2\/pages\/4089","targetHints":{"allow":["GET"]}}],"collection":[{"href":"https:\/\/xaneladaterra.es\/es\/wp-json\/wp\/v2\/pages"}],"about":[{"href":"https:\/\/xaneladaterra.es\/es\/wp-json\/wp\/v2\/types\/page"}],"author":[{"embeddable":true,"href":"https:\/\/xaneladaterra.es\/es\/wp-json\/wp\/v2\/users\/1"}],"replies":[{"embeddable":true,"href":"https:\/\/xaneladaterra.es\/es\/wp-json\/wp\/v2\/comments?post=4089"}],"version-history":[{"count":2,"href":"https:\/\/xaneladaterra.es\/es\/wp-json\/wp\/v2\/pages\/4089\/revisions"}],"predecessor-version":[{"id":4091,"href":"https:\/\/xaneladaterra.es\/es\/wp-json\/wp\/v2\/pages\/4089\/revisions\/4091"}],"wp:attachment":[{"href":"https:\/\/xaneladaterra.es\/es\/wp-json\/wp\/v2\/media?parent=4089"}],"curies":[{"name":"wp","href":"https:\/\/api.w.org\/{rel}","templated":true}]}}